{"id":8,"date":"2018-12-28T14:24:10","date_gmt":"2018-12-28T13:24:10","guid":{"rendered":"http:\/\/h05.bplaced.net\/wordpress\/?page_id=8"},"modified":"2026-03-12T17:31:14","modified_gmt":"2026-03-12T16:31:14","slug":"unser-ov","status":"publish","type":"page","link":"https:\/\/www.darc-celle.de\/?page_id=8","title":{"rendered":"Unser OV"},"content":{"rendered":"\r\n<h2 style=\"text-align: center;\"><span style=\"color: #3366ff;\">Zur Gr\u00fcndung des Ortsverbandes Celle<\/span><span style=\"color: #ffffff;\">\u00a0\u00a0\u00a0 <\/span><\/h2>\r\n<p>\u00a0\u00a0\u00a0\u00a0\u00a0\u00a0\u00a0\u00a0\u00a0\u00a0\u00a0\u00a0\u00a0\u00a0\u00a0\u00a0\u00a0\u00a0\u00a0\u00a0\u00a0\u00a0\u00a0\u00a0\u00a0\u00a0\u00a0\u00a0\u00a0\u00a0\u00a0 <img loading=\"lazy\" decoding=\"async\" class=\"alignnone  wp-image-4424 aligncenter\" src=\"https:\/\/www.darc-celle.de\/wp-content\/uploads\/2022\/02\/342_1085_1_g-256x300.gif\" alt=\"\" width=\"282\" height=\"330\" \/><\/p>\r\n<p><span style=\"color: #ffffff;\">&#8230;&#8230;&#8230;&#8230;&#8230;.<\/span><\/p>\r\n<h5><span style=\"color: #666666;\"><span style=\"font-family: Arial, sans-serif;\"><span style=\"font-size: small;\">Der Ortsverband Celle &#8222;H05&#8220; im DARC e.V. wurde bereits im Jahr 1947, kurz nach der Wiederzulassung des Amateurfunks in den drei westlichen Besatzungszonen und der Gr\u00fcndung des DARC\/BZ, des\u00a0<\/span><\/span><\/span><span style=\"color: #666666;\"><span style=\"font-family: Arial, sans-serif;\"><span style=\"font-size: small;\"><strong>D<\/strong><\/span><\/span><\/span><span style=\"color: #666666;\"><span style=\"font-family: Arial, sans-serif;\"><span style=\"font-size: small;\">eutschen\u00a0<\/span><\/span><\/span><span style=\"color: #666666;\"><span style=\"font-family: Arial, sans-serif;\"><span style=\"font-size: small;\"><strong>A<\/strong><\/span><\/span><\/span><span style=\"color: #666666;\"><span style=\"font-family: Arial, sans-serif;\"><span style=\"font-size: small;\">mateur\u00a0<\/span><\/span><\/span><span style=\"color: #666666;\"><span style=\"font-family: Arial, sans-serif;\"><span style=\"font-size: small;\"><strong>R<\/strong><\/span><\/span><\/span><span style=\"color: #666666;\"><span style=\"font-family: Arial, sans-serif;\"><span style=\"font-size: small;\">adio\u00a0<\/span><\/span><\/span><span style=\"color: #666666;\"><span style=\"font-family: Arial, sans-serif;\"><span style=\"font-size: small;\"><strong>C<\/strong><\/span><\/span><\/span><span style=\"color: #666666;\"><span style=\"font-family: Arial, sans-serif;\"><span style=\"font-size: small;\">lubs in der britischen Besatzungszone, durch die damalige Milit\u00e4rregierung ins Leben gerufen.<\/span><\/span><\/span><\/h5>\r\n<h5><span style=\"color: #666666;\"><span style=\"font-family: Arial, sans-serif;\"><span style=\"font-size: small;\">Die neu gegr\u00fcndeten Ortsverb\u00e4nde wurden auf n\u00e4chster Ebene in sogenannten Distrikten organisiert. Der Zusatz &#8222;H05&#8220; in unserem Namen ist der sogenannte Distrikts-Ortsverband-Kenner &#8211; oder kurz der DOK &#8211; und bedeutet, das wir zum Distrikt &#8222;H&#8220; &#8211; Niedersachsen geh\u00f6ren und der f\u00fcnfte Ortsverband waren, der in Niedersachsen gegr\u00fcndet wurde.<\/span><\/span><\/span><\/h5>\r\n<h5><span style=\"color: #666666;\"><span style=\"font-family: Arial, sans-serif;\"><span style=\"font-size: small;\">Damals war zun\u00e4chst war aber nur der Bau und Besitz von Kurzwellen-Empf\u00e4ngern gestattet, Sendeger\u00e4te waren 1947 zun\u00e4chst noch verboten!<\/span><\/span><\/span><\/h5>\r\n<h5><span style=\"color: #666666;\"><span style=\"font-family: Arial, sans-serif;\"><span style=\"font-size: small;\">Auch vor der Gr\u00fcndung des DARC e.V. gab es in den 1930 Jahren in der Region Celle einen Zusammenschlu\u00df aktiver Funkamateure, die in der damaligen Vorg\u00e4ngerorganisation D.A.S.D. &#8211; dem Deutschen Amateur Sende- und Empfangsdienst organisiert waren. So war unser Gr\u00fcndungsmitglied Erich Taxweiler\u2020, DL6OL bereits 1937 und 1938 DEM &#8211; Deutscher Empfangsmeister im DASD.<\/span><\/span><\/span><\/h5>\r\n<h5><span style=\"color: #666666;\"><span style=\"font-family: Arial, sans-serif;\"><span style=\"font-size: small;\">Mit dem Gesetz \u00fcber den Amateurfunkdienst vom 14. M\u00e4rz 1949 wurden erst fast zwei Jahre nach Gr\u00fcndung unseres Ortsverbandes auch die gesetzlichen Rahmenbedingungen f\u00fcr den Amateurfunk geschaffen, \u00fcbrigens noch vor der Verabschiedung des Grundgesetzes der Bundesrepublik Deutschland. Damit konnten interessierte Funkamateure sich nun auch bundesweit gemeinschaftlich organisieren und der DARC wurde auch in den \u00fcbrigen Besatzungszonen als Interessenvertretung der Funkamateure anerkannt.<\/span><\/span><\/span><\/h5>\r\n<h5><span style=\"color: #666666;\"><span style=\"font-family: Arial, sans-serif;\"><span style=\"font-size: small;\">Die Aufnahmegeb\u00fchr und der Monatsbeitrag f\u00fcr den Club betrug vor der W\u00e4hrungsreform zun\u00e4chst 1,50 Reichsmark. Die D-Mark wurde n\u00e4mlich auch erst fast 1 Jahr nach der OV-Gr\u00fcndung am 21. Juni 1948 in den damaligen 3 westlichen Besatzungszonen eingef\u00fchrt. Als monatliche Clubzeitschrift erschien ein Magazin unter dem Titel &#8222;QRV&#8220;, dann &#8222;DL QTC&#8220; und erst sp\u00e4ter wurde daraus das heute bekannte Amateurfunkmagazin &#8222;cq DL&#8220;.<\/span><\/span><\/span><\/h5>\r\n<h5><span style=\"color: #666666;\"><span style=\"font-family: Arial, sans-serif;\"><span style=\"font-size: small;\">Amateurfunk ist ein faszinierendes Hobby, damals wie heute, und in den 70er und 80er Jahren wuchs der bis dahin einzige Celler Ortsverband auf mehr als 100 Mitglieder, die monatlichen OV-Versammlungen lie\u00dfen sich so kaum noch durchf\u00fchren. So kam es 1978 zur ersten Ausgr\u00fcndung eines Ortsverbandes aus den Reihen unserer Mitglieder, es war die Geburtsstunde der Ortsverbandes &#8222;Heide-S\u00fcd&#8220;, heute OV S\u00fcdheide H50.<\/span><\/span><\/span><\/h5>\r\n<h5><span style=\"color: #666666;\"><span style=\"font-family: Arial, sans-serif;\"><span style=\"font-size: small;\">Auch die Interessen und Schwerpunkte in unserem Hobby waren sehr unterschiedlich, gab es doch inzwischen neben der bereits Ende der 60er Jahre geschaffenen Einsteiger-Lizenzklasse &#8222;A&#8220; nun auch noch eine Lizenzklasse &#8222;C&#8220;, f\u00fcr die nicht einmal Telegrafiekenntnisse erforderlich waren. Die gefiel sicher nicht allen &#8222;Old Mans&#8220; der ersten Stunde.<\/span><\/span><\/span><\/h5>\r\n<h5><span style=\"color: #666666;\"><span style=\"font-family: Arial, sans-serif;\"><span style=\"font-size: small;\">Anfang 1981 kam es damit zur zweiten Ausgr\u00fcndung aus dem OV Celle und der OV &#8222;Celle-S\u00fcd&#8220; H55 entstand und gewann in den Jahren danach durch viele Aktivit\u00e4ten und in den 80er und fr\u00fchen 90er Jahren die eigene Clubstation im damaligen Tr\u00fcllergeb\u00e4ude am Bahnhof st\u00e4ndig neue Mitglieder.<\/span><\/span><\/span><\/h5>\r\n<h5><span style=\"color: #666666;\"><span style=\"font-family: Arial, sans-serif;\"><span style=\"font-size: small;\">Doch schon immer f\u00fchrte man die Ausbildungsarbeit gemeinsam durch und versuchte, Nachwuchs durch gemeinsam veranstaltete Lizenzkurse auch selbst auszubilden. Insgesamt 4 Lehrg\u00e4nge Mitte der 80er Jahre in der damaligen Magnush\u00fctte und im Betriebsheim der Wasa GmbH wurden so erfolgreich bis zur Pr\u00fcfung bei der damaligen Oberpostdirektion Hannover\/Braunschweig begleitet und die 3 Celler Ortsverb\u00e4nde begr\u00fc\u00dften viele neue Rufzeichen in ihren Reihen.<\/span><\/span><\/span><\/h5>\r\n<h5><span style=\"color: #666666;\"><span style=\"font-family: Arial, sans-serif;\"><span style=\"font-size: small;\">Heute hat unser Ortsverband dank weiterhin durchgef\u00fchrter Ausbildungsarbeit in den Jahren 2001, 2005 und 2007 weiterhin mehr als 50 Mitglieder, deren Interessen so vielschichtig sind wie der Amateurfunk \u00fcberhaupt.<\/span><\/span><\/span><\/h5>\r\n<ul>\r\n<li>\r\n<h5><span style=\"color: #666666;\"><span style=\"font-family: Arial, sans-serif;\"><span style=\"font-size: small;\">Wir haben Kurzwellenamateure, die Freundschaften in alle Kontinente pflegen.<\/span><\/span><\/span><\/h5>\r\n<\/li>\r\n<li>\r\n<h5><span style=\"color: #666666;\"><span style=\"font-family: Arial, sans-serif;\"><span style=\"font-size: small;\">Wir haben Contestbegeisterte, die auf allen B\u00e4ndern an weltweiten Wettbewerben teilnehmen<\/span><\/span><\/span><\/h5>\r\n<\/li>\r\n<li>\r\n<h5><span style=\"color: #666666;\"><span style=\"font-family: Arial, sans-serif;\"><span style=\"font-size: small;\">Wir haben Kurzwellenh\u00f6rer, die Rundfunkstationen aus aller Welt empfangen.<\/span><\/span><\/span><\/h5>\r\n<\/li>\r\n<li>\r\n<h5><span style=\"color: #666666;\"><span style=\"font-family: Arial, sans-serif;\"><span style=\"font-size: small;\">Wir haben Fuchsj\u00e4ger, die jeden versteckten Sender finden und denen dabei kein Hinderniss im Weg ist.<\/span><\/span><\/span><\/h5>\r\n<\/li>\r\n<li>\r\n<h5><span style=\"color: #666666;\"><span style=\"font-family: Arial, sans-serif;\"><span style=\"font-size: small;\">Wir haben Elektronikbastler, die immer neue Bauanleitungen finden und diese dann umsetzen.<\/span><\/span><\/span><\/h5>\r\n<\/li>\r\n<li>\r\n<h5><span style=\"color: #666666;\"><span style=\"font-family: Arial, sans-serif;\"><span style=\"font-size: small;\">Wir besch\u00e4ftigen uns mit digitaler Funktechnik, Amateurfunk-Satelliten und betreiben das Celler Relais DB0CEL auf 70cm in FM und DMR Brandmeister.<\/span><\/span><\/span><\/h5>\r\n<\/li>\r\n<\/ul>\r\n<p><span style=\"color: #666666;\"><span style=\"font-family: Arial, sans-serif;\"><span style=\"font-size: small;\"><br \/><\/span><\/span><\/span><span style=\"color: #666666;\"><span style=\"font-family: Arial, sans-serif;\"><span style=\"font-size: small;\"><strong>Unser Ortsverband Celle H05 &#8211; seit 75 Jahren eine Br\u00fccke zur Welt !<\/strong><\/span><\/span><\/span><\/p>\r\n<p>\u00a0 \u00a0 \u00a0 \u00a0 \u00a0 \u00a0<img loading=\"lazy\" decoding=\"async\" class=\"alignnone  wp-image-4353\" src=\"https:\/\/www.darc-celle.de\/wp-content\/uploads\/2021\/12\/SDOK-Urkunde-75H05-DF0CF-001-724x1024.jpg\" alt=\"\" width=\"323\" height=\"457\" srcset=\"https:\/\/www.darc-celle.de\/wp-content\/uploads\/2021\/12\/SDOK-Urkunde-75H05-DF0CF-001-724x1024.jpg 724w, https:\/\/www.darc-celle.de\/wp-content\/uploads\/2021\/12\/SDOK-Urkunde-75H05-DF0CF-001-212x300.jpg 212w, https:\/\/www.darc-celle.de\/wp-content\/uploads\/2021\/12\/SDOK-Urkunde-75H05-DF0CF-001-768x1086.jpg 768w, https:\/\/www.darc-celle.de\/wp-content\/uploads\/2021\/12\/SDOK-Urkunde-75H05-DF0CF-001-1086x1536.jpg 1086w, https:\/\/www.darc-celle.de\/wp-content\/uploads\/2021\/12\/SDOK-Urkunde-75H05-DF0CF-001-1448x2048.jpg 1448w, https:\/\/www.darc-celle.de\/wp-content\/uploads\/2021\/12\/SDOK-Urkunde-75H05-DF0CF-001-scaled.jpg 1811w\" sizes=\"auto, (max-width: 323px) 100vw, 323px\" \/><img loading=\"lazy\" decoding=\"async\" class=\"alignnone wp-image-4429 \" src=\"https:\/\/www.darc-celle.de\/wp-content\/uploads\/2022\/02\/SDOK-Urkunde-75H05-DL0CN-002-724x1024.jpg\" alt=\"\" width=\"323\" height=\"457\" srcset=\"https:\/\/www.darc-celle.de\/wp-content\/uploads\/2022\/02\/SDOK-Urkunde-75H05-DL0CN-002-724x1024.jpg 724w, https:\/\/www.darc-celle.de\/wp-content\/uploads\/2022\/02\/SDOK-Urkunde-75H05-DL0CN-002-212x300.jpg 212w, https:\/\/www.darc-celle.de\/wp-content\/uploads\/2022\/02\/SDOK-Urkunde-75H05-DL0CN-002-768x1086.jpg 768w, https:\/\/www.darc-celle.de\/wp-content\/uploads\/2022\/02\/SDOK-Urkunde-75H05-DL0CN-002-1086x1536.jpg 1086w, https:\/\/www.darc-celle.de\/wp-content\/uploads\/2022\/02\/SDOK-Urkunde-75H05-DL0CN-002-1448x2048.jpg 1448w, https:\/\/www.darc-celle.de\/wp-content\/uploads\/2022\/02\/SDOK-Urkunde-75H05-DL0CN-002-scaled.jpg 1810w\" sizes=\"auto, (max-width: 323px) 100vw, 323px\" \/><\/p>\r\n<h5><span style=\"color: #666666;\"><span style=\"font-family: Arial, sans-serif;\"><span style=\"font-size: small;\">Haben wir Dein \/ Ihr Interesse f\u00fcr dieses interessante Hobby mit seinen grenzenlosen M\u00f6glichkeiten geweckt?<\/span><\/span><\/span><\/h5>\r\n<h5><span style=\"color: #666666;\"><span style=\"font-family: Arial, sans-serif;\"><span style=\"font-size: small;\">A<\/span><\/span><\/span><span style=\"color: #666666;\"><span style=\"font-family: Arial, sans-serif;\"><span style=\"font-size: small;\">uf der\u00a0<\/span><\/span><\/span><span style=\"color: #858585;\"><span style=\"font-family: Arial, sans-serif;\"><span style=\"font-size: small;\">Kontaktseite<\/span><\/span><\/span><span style=\"color: #666666;\"><span style=\"font-family: Arial, sans-serif;\"><span style=\"font-size: small;\">\u00a0besteht die M\u00f6glichkeit mit uns unverbindlich Kontakt aufzunehmen.<\/span><\/span><\/span><\/h5>\r\n<h5><span style=\"color: #666666;\"><span style=\"font-family: Arial, sans-serif;\"><span style=\"font-size: small;\">Viele Gr\u00fc\u00dfe, oder wie es unter Funkamateuren \u00fcblich ist\u00a0 &#8211; vy 73<\/span><\/span><\/span><\/h5>\r\n<h5><span style=\"color: #666666;\"><span style=\"font-family: Arial, sans-serif;\"><span style=\"font-size: small;\">Ihr Ortsverband Celle Stadt &amp; Land &#8211; &#8222;H05&#8220;<\/span><\/span><\/span><\/h5>\r\n<p>&nbsp;<\/p>\r\n<p><span style=\"color: #3366ff;\"><strong>Bei der Gr\u00fcndungsversammlung waren anwesend:<\/strong><\/span><\/p>\r\n<p>1. Vorsitzender,\u00a0 Zahnarzt Dr. S\u00f6rensen aus Wietze, von 1947 &#8211; 1949<\/p>\r\n<p>OM D\u00fcngefeld DL1QZ<\/p>\r\n<p>OM Lemm DL1QR<\/p>\r\n<p>OM Ossenkopf DL1VE<\/p>\r\n<p><span style=\"color: #3366ff;\"><strong>Ortsverbandsvorsitzende von 1949 bis 2018:<\/strong><\/span><\/p>\r\n<p><!--more--><\/p>\r\n<p>Karl- Heinz Klaus\u00a0\u00a0\u00a0\u00a0\u00a0\u00a0\u00a0\u00a0\u00a0\u00a0\u00a0\u00a0\u00a0\u00a0\u00a0\u00a0\u00a0\u00a0\u00a0\u00a0\u00a0\u00a0\u00a0\u00a0\u00a0\u00a0\u00a0\u00a0 1949 &#8211; 1952\u00a0\u00a0\u00a0\u00a0\u00a0\u00a0\u00a0\u00a0 \u00a0 \u00a0 \u00a0 \u00a0 \u00a0 \u00a0 \u00a0 \u00a0 \u00a0\u00a0\u00a0\u00a0\u00a0\u00a0\u00a0\u00a0\u00a0\u00a0\u00a0\u00a0\u00a0\u00a0\u00a0\u00a0\u00a0\u00a0\u00a0\u00a0\u00a0\u00a0\u00a0\u00a0\u00a0\u00a0\u00a0\u00a0\u00a0\u00a0\u00a0\u00a0\u00a0\u00a0\u00a0\u00a0\u00a0\u00a0\u00a0\u00a0\u00a0\u00a0\u00a0\u00a0\u00a0\u00a0\u00a0<\/p>\r\n<p>Karl Metzger\u00a0 DL6DE\u00a0 \u00a0 \u00a0 \u00a0 \u00a0 \u00a0 \u00a0 \u00a0 \u00a0 \u00a0 \u00a0 1952 &#8211; 1962<\/p>\r\n<p>Hans Dallmann\u00a0 DJ1YB\u00a0 \u00a0 \u00a0 \u00a0 \u00a0 \u00a0 \u00a0 \u00a0 \u00a0 \u00a01962 &#8211; 1966<\/p>\r\n<p>Uwe Prange DJ8VI\u00a0 \u00a0 \u00a0 \u00a0 \u00a0 \u00a0 \u00a0 \u00a0 \u00a0 \u00a0 \u00a0 \u00a0 \u00a0 \u00a01966 &#8211; 1970<\/p>\r\n<p>Paul Kanserski \u00a0 DL8RB\u00a0 \u00a0 \u00a0 \u00a0 \u00a0 \u00a0 \u00a0 \u00a0 \u00a0 1970 &#8211; 1975<\/p>\r\n<p>Karl-Heinz Forche DF9AG\u00a0 \u00a0 \u00a0 \u00a0 \u00a0 \u00a0 \u00a01975 &#8211; 1981 \u00a0<\/p>\r\n<p>Albert Ehresmann DJ9ED\u00a0 \u00a0 \u00a0 \u00a0 \u00a0 \u00a0 \u00a0 1981 &#8211; 1982<\/p>\r\n<p>Claus B\u00e4hnert\u00a0 DF7OG\u00a0\u00a0\u00a0\u00a0\u00a0\u00a0\u00a0\u00a0\u00a0\u00a0\u00a0\u00a0\u00a0\u00a0\u00a0\u00a0\u00a0\u00a0\u00a0 1982 &#8211; 1986<\/p>\r\n<p>Wolfgang Kohsen DH3AAB\u00a0 \u00a0 \u00a0 \u00a0 \u00a0 \u00a0 1986 &#8211; 1992<\/p>\r\n<p>Friedrich Falke DL5OU\u00a0 \u00a0 \u00a0 \u00a0 \u00a0 \u00a0 \u00a0 \u00a0 \u00a0 \u00a01992 &#8211; 1994<\/p>\r\n<p>Albert Ehresmann DJ9ED\u00a0 \u00a0 \u00a0 \u00a0 \u00a0 \u00a0 \u00a0 1994 &#8211; 1996<\/p>\r\n<p>Stephan Dittrich\u00a0 DF7AH\u00a0 \u00a0 \u00a0 \u00a0 \u00a0 \u00a0 \u00a0 \u00a0 1996 &#8211; 2000<\/p>\r\n<p>Andreas Voge DG1OJ\u00a0\u00a0\u00a0\u00a0\u00a0\u00a0\u00a0\u00a0\u00a0\u00a0\u00a0\u00a0\u00a0\u00a0\u00a0\u00a0\u00a0\u00a0\u00a0\u00a0\u00a0 2000 &#8211; 2002<\/p>\r\n<p>Olaf Strauch DG7OBK\u00a0 \u00a0 \u00a0 \u00a0 \u00a0 \u00a0 \u00a0 \u00a0 \u00a0 \u00a0 \u00a02002 &#8211; 2004<\/p>\r\n<p>Klaus B\u00e4hnert DF7OG\u00a0\u00a0\u00a0\u00a0\u00a0\u00a0\u00a0\u00a0\u00a0\u00a0\u00a0\u00a0\u00a0\u00a0\u00a0\u00a0\u00a0\u00a0\u00a0\u00a0\u00a0 2004 &#8211; 2008<\/p>\r\n<p>Meinhard G\u00fcnther DL2MF\u00a0 \u00a0 \u00a0 \u00a0 \u00a0 \u00a0 2008 &#8211; 2018<\/p>\r\n<p>Hans Lissy DG4OP\u00a0\u00a0\u00a0\u00a0\u00a0\u00a0\u00a0\u00a0\u00a0\u00a0\u00a0\u00a0\u00a0\u00a0\u00a0\u00a0\u00a0\u00a0\u00a0\u00a0\u00a0\u00a0\u00a0\u00a0\u00a0\u00a0 2018 &#8211; 2026<\/p>\r\n<p>Steffen Rohse DO3OI\u00a0 \u00a0 \u00a0 \u00a0 \u00a0 \u00a0 \u00a0 \u00a0 \u00a0 \u00a0 \u00a0 2026 &#8211; Heute<\/p>\r\n<p><!--more--><\/p>\r\n<p>&nbsp;<\/p>\r\n<h3>Fusion OV H05 mit OV H55 am 10.12.2015\u00a0 zum\u00a0 <span style=\"color: #3366ff;\"><strong>OV Celle Stadt&amp;Land H05<\/strong><\/span><\/h3>\r\n<div>Mitte Dezember 2015 trafen sich die Mitglieder der beiden Celler Ortsverb\u00e4nde H05 und H55 zu einer au\u00dferordentlichen Mitgliederversammlung um die 2010 auf den Weg gebrachte Fusion zu vollenden. Die Mitglieder beider OV&#8217;s stimmten getrennt ab und beschlossen einstimmig die Fusion. Nun wurde noch \u00fcber einen neuen Namen des gemeinsamen OV&#8217;s abgestimmt. Mit Mehrheit entschieden sich die Mitglieder f\u00fcr folgenden Namen: OV Celle Stadt &amp; Land DOK H05. Auf der anschlie\u00dfenden Vorstandswahl gab es folgendes Ergebnis: OVV Meinhard G\u00fcnter DL2MF, stellv.OVV Ralf Winkelmann DJ6OL und Kassenwart Thorsten Wulf DL9OBM.<\/div>\r\n<div><strong> Durch die Fusion ist der OV Celle Stadt &amp; Land H05\u00a0<\/strong><strong> zu einem der mitgliederst\u00e4rksten Ortsverb\u00e4nde im Distrikt H geworden.<\/strong><\/div>\r\n<div>\u00a0<\/div>\r\n<h3>\u00a0<\/h3>\r\n<p>&nbsp;<\/p>\r\n","protected":false},"excerpt":{"rendered":"<p>Zur Gr\u00fcndung des Ortsverbandes Celle\u00a0\u00a0\u00a0 \u00a0\u00a0\u00a0\u00a0\u00a0\u00a0\u00a0\u00a0\u00a0\u00a0\u00a0\u00a0\u00a0\u00a0\u00a0\u00a0\u00a0\u00a0\u00a0\u00a0\u00a0\u00a0\u00a0\u00a0\u00a0\u00a0\u00a0\u00a0\u00a0\u00a0\u00a0 &#8230;&#8230;&#8230;&#8230;&#8230;. Der Ortsverband Celle &#8222;H05&#8220; im DARC e.V. wurde bereits im Jahr 1947, kurz nach der Wiederzulassung des Amateurfunks in den drei westlichen Besatzungszonen und der Gr\u00fcndung des DARC\/BZ, des\u00a0Deutschen\u00a0Amateur\u00a0Radio\u00a0Clubs in der britischen Besatzungszone, durch die damalige Milit\u00e4rregierung ins Leben gerufen. Die neu gegr\u00fcndeten Ortsverb\u00e4nde wurden auf n\u00e4chster Ebene [&hellip;]<\/p>\n","protected":false},"author":3,"featured_media":0,"parent":0,"menu_order":0,"comment_status":"closed","ping_status":"closed","template":"","meta":{"cybocfi_hide_featured_image":"","footnotes":""},"class_list":["post-8","page","type-page","status-publish","hentry"],"_links":{"self":[{"href":"https:\/\/www.darc-celle.de\/index.php?rest_route=\/wp\/v2\/pages\/8","targetHints":{"allow":["GET"]}}],"collection":[{"href":"https:\/\/www.darc-celle.de\/index.php?rest_route=\/wp\/v2\/pages"}],"about":[{"href":"https:\/\/www.darc-celle.de\/index.php?rest_route=\/wp\/v2\/types\/page"}],"author":[{"embeddable":true,"href":"https:\/\/www.darc-celle.de\/index.php?rest_route=\/wp\/v2\/users\/3"}],"replies":[{"embeddable":true,"href":"https:\/\/www.darc-celle.de\/index.php?rest_route=%2Fwp%2Fv2%2Fcomments&post=8"}],"version-history":[{"count":47,"href":"https:\/\/www.darc-celle.de\/index.php?rest_route=\/wp\/v2\/pages\/8\/revisions"}],"predecessor-version":[{"id":5884,"href":"https:\/\/www.darc-celle.de\/index.php?rest_route=\/wp\/v2\/pages\/8\/revisions\/5884"}],"wp:attachment":[{"href":"https:\/\/www.darc-celle.de\/index.php?rest_route=%2Fwp%2Fv2%2Fmedia&parent=8"}],"curies":[{"name":"wp","href":"https:\/\/api.w.org\/{rel}","templated":true}]}}